{"id":116,"date":"2018-10-28T15:23:48","date_gmt":"2018-10-28T14:23:48","guid":{"rendered":"http:\/\/achtern-strand.de\/?page_id=116"},"modified":"2018-10-28T18:10:19","modified_gmt":"2018-10-28T17:10:19","slug":"haus-isabella","status":"publish","type":"page","link":"https:\/\/achtern-strand.de\/index.php\/ferienwohnungen-zinnowitz\/haus-isabella\/","title":{"rendered":"Haus Isabella"},"content":{"rendered":"<h1>Ferienwohnung &#8222;Achtern-Strand&#8220; in Zinnowitz auf Usedom<\/h1>\n<p>Ein traumhaftes kleines Appartementhaus, gelegen in idyllischer Natur in unmittelbarer Strandn\u00e4he&#8230;<\/p>\n<p>Ein klassisches Seebad mit alten historischen B\u00e4dervillen und reizvollen modernen Interpretationen dieser sch\u00f6nen Architektur&#8230;<\/p>\n<p>Eine Mischung aus Natur und Lifestyle, aus ruhiger Idylle und quirliger lebensfroher Urlaubsstimmung&#8230;<\/p>\n<p>Ist es das, was Sie suchen?<br \/>\nWie w\u00e4re es mit Ferien &#8222;Achtern &#8211; Strand&#8220; in Zinnowitz.<\/p>\n<h1><\/h1>\n<h1>Das Haus<\/h1>\n<figure id=\"attachment_102\" aria-describedby=\"caption-attachment-102\" style=\"width: 300px\" class=\"wp-caption alignright\"><img loading=\"lazy\" decoding=\"async\" class=\"size-medium wp-image-102\" src=\"http:\/\/achtern-strand.de\/wp-content\/uploads\/2018\/10\/zinnowitz-objekt-300x201.jpg\" alt=\"\" width=\"300\" height=\"201\" srcset=\"https:\/\/achtern-strand.de\/wp-content\/uploads\/2018\/10\/zinnowitz-objekt-300x201.jpg 300w, https:\/\/achtern-strand.de\/wp-content\/uploads\/2018\/10\/zinnowitz-objekt-768x514.jpg 768w, https:\/\/achtern-strand.de\/wp-content\/uploads\/2018\/10\/zinnowitz-objekt.jpg 800w\" sizes=\"auto, (max-width: 300px) 100vw, 300px\" \/><figcaption id=\"caption-attachment-102\" class=\"wp-caption-text\">Haus Isabella<\/figcaption><\/figure>\n<p>Die kleine Appartementanlage wurde 2006 gebaut und eignet sich hervorragend f\u00fcr anspruchsvolle G\u00e4ste, die in einer eleganten Immobilie einen sehr entspannten Urlaub verbringen m\u00f6chten. Das geschmackvolle Ensemble besteht aus nur 8 Wohneinheiten und bietet seinen G\u00e4sten ein sehr privates Ambiente.<\/p>\n<p>Die Architektur des Hauses lehnt sich wohltuend an die sch\u00f6nen alten B\u00e4dervillen in der unmittelbaren Nachbarschaft an. Ihr Appartement ideal f\u00fcr 4 Personen. Es befindet sich im Erdgeschoss an der s\u00fcdlichen Giebelseite des Hauses. Sie machen entspannte Ferien.<\/p>\n<p>Der kleine Rasengarten vor der Terrasse geh\u00f6rt auch zur Wohnung. Ein Top-Platz zum Spielen, Grillen, in der Sonne tr\u00e4umen&#8230;<\/p>\n<h1>Das Grundst\u00fcck<\/h1>\n<p><img loading=\"lazy\" decoding=\"async\" class=\"alignright size-medium wp-image-37\" src=\"http:\/\/achtern-strand.de\/wp-content\/uploads\/2018\/10\/home1-300x199.jpg\" alt=\"\" width=\"300\" height=\"199\" srcset=\"https:\/\/achtern-strand.de\/wp-content\/uploads\/2018\/10\/home1-300x199.jpg 300w, https:\/\/achtern-strand.de\/wp-content\/uploads\/2018\/10\/home1.jpg 599w\" sizes=\"auto, (max-width: 300px) 100vw, 300px\" \/>Zinnowitz Auf einem ca. 670 m2 gro\u00dfen Grundst\u00fcck in bevorzugter ruhiger Lage auf der S\u00fcdostseite des Glienberges befindet sich Ihre kleine Anlage. Der zu Ihrem Appartement geh\u00f6rende Grundst\u00fccksanteil ist nach Osten und S\u00fcden ausgerichtet. Sie finden also fast w\u00e4hrend des ganzen Tages ein sonniges Pl\u00e4tzen f\u00fcr ein paar entspannte Minuten.<\/p>\n<p>Der Kletterrosenbogen \u00fcber der Lesebank an der S\u00fcdseite des Hauses, der Blauregen am Balkon und der h\u00e4ufig besuchte Schmetterlingsflieder sorgen den ganzen Sommer hindurch f\u00fcr ein s\u00fcdl\u00e4ndisches Flair im Norden.<\/p>\n<p>Der kleine Garten rund um das Appartement geh\u00f6rt zum Sondereigentum der Wohnung und dient Ihrer ausschlie\u00dflichen Erholung.<\/p>\n<h1>Die Lage<\/h1>\n<p>Das Haus Isabella, Wohnung Nr. 4 befindet sich Hinter den Tannen 1a in 17454 Zinnowitz. Die Lage auf dem Glienberg ist f\u00fcr Ihre Ferien ideal. Nur ein Spaziergang von ca. 6 Minuten durch einen herrlichen Buchenwald und Sie stehen am wei\u00dfen Strand.<\/p>\n","protected":false},"excerpt":{"rendered":"<p>Ferienwohnung &#8222;Achtern-Strand&#8220; in Zinnowitz auf Usedom Ein traumhaftes kleines Appartementhaus, gelegen in idyllischer Natur in unmittelbarer Strandn\u00e4he&#8230; Ein klassisches Seebad mit alten historischen B\u00e4dervillen und reizvollen modernen Interpretationen dieser sch\u00f6nen Architektur&#8230; Eine Mischung aus Natur und Lifestyle, aus ruhiger Idylle und quirliger lebensfroher Urlaubsstimmung&#8230; Ist es das, was Sie suchen? Wie w\u00e4re es mit Ferien &hellip;<\/p>\n<p class=\"read-more\"> <a class=\"\" href=\"https:\/\/achtern-strand.de\/index.php\/ferienwohnungen-zinnowitz\/haus-isabella\/\"> <span class=\"screen-reader-text\">Haus Isabella<\/span> Weiterlesen &raquo;<\/a><\/p>\n","protected":false},"author":1,"featured_media":0,"parent":114,"menu_order":1,"comment_status":"closed","ping_status":"closed","template":"sidebar-page.php","meta":{"site-sidebar-layout":"default","site-content-layout":"default","ast-global-header-display":"","ast-main-header-display":"","ast-hfb-above-header-display":"","ast-hfb-below-header-display":"","ast-hfb-mobile-header-display":"","site-post-title":"","ast-breadcrumbs-content":"","ast-featured-img":"","footer-sml-layout":"","theme-transparent-header-meta":"","adv-header-id-meta":"","stick-header-meta":"","header-above-stick-meta":"","header-main-stick-meta":"","header-below-stick-meta":"","footnotes":""},"class_list":["post-116","page","type-page","status-publish","hentry"],"_links":{"self":[{"href":"https:\/\/achtern-strand.de\/index.php\/wp-json\/wp\/v2\/pages\/116","targetHints":{"allow":["GET"]}}],"collection":[{"href":"https:\/\/achtern-strand.de\/index.php\/wp-json\/wp\/v2\/pages"}],"about":[{"href":"https:\/\/achtern-strand.de\/index.php\/wp-json\/wp\/v2\/types\/page"}],"author":[{"embeddable":true,"href":"https:\/\/achtern-strand.de\/index.php\/wp-json\/wp\/v2\/users\/1"}],"replies":[{"embeddable":true,"href":"https:\/\/achtern-strand.de\/index.php\/wp-json\/wp\/v2\/comments?post=116"}],"version-history":[{"count":2,"href":"https:\/\/achtern-strand.de\/index.php\/wp-json\/wp\/v2\/pages\/116\/revisions"}],"predecessor-version":[{"id":214,"href":"https:\/\/achtern-strand.de\/index.php\/wp-json\/wp\/v2\/pages\/116\/revisions\/214"}],"up":[{"embeddable":true,"href":"https:\/\/achtern-strand.de\/index.php\/wp-json\/wp\/v2\/pages\/114"}],"wp:attachment":[{"href":"https:\/\/achtern-strand.de\/index.php\/wp-json\/wp\/v2\/media?parent=116"}],"curies":[{"name":"wp","href":"https:\/\/api.w.org\/{rel}","templated":true}]}}